{"id":749,"date":"2025-03-02T00:46:12","date_gmt":"2025-03-01T23:46:12","guid":{"rendered":"https:\/\/www.svregenbogen.de\/?page_id=749"},"modified":"2026-03-26T23:13:11","modified_gmt":"2026-03-26T22:13:11","slug":"unser-verein","status":"publish","type":"page","link":"https:\/\/www.svregenbogen.de\/?page_id=749","title":{"rendered":"Unser Verein"},"content":{"rendered":"<div  data-label=\"Content\" data-id=\"content--2\" data-export-id=\"content-3\" data-category=\"content\" class=\"content-3 content-section content-section-spacing\" id=\"content-2\" style=\"background-color: rgb(255, 255, 255);\"><div > <div  class=\"row middle-xs\"><div  class=\"col-sm-7 full-col-left-padding full-col-right-padding\"> <div  class=\"row\"><div  data-type=\"column\" class=\"space-bottom-small content-title-col\"> <h5  class=\"\">So hat es angefangen<\/h5> <h2  class=\"\">Unsere Vereinsgeschichte<\/h2> <p  class=\"\">Der SV Regenbogen ist ein queerer Sportverein in Gie\u00dfen. Unser Verein wurde am 12. April 1999 von mehreren Frauen und M\u00e4nnern aus Gie\u00dfen gegr\u00fcndet.\n<br ><br >\nNachdem die Gr\u00fcndungsmitglieder vereinslos an den Gay Games 1998 in Amsterdam teilnahmen, setzten sie sich nach der Teilnahme das Ziel einen queeren Sportverein auch in Gie\u00dfen zu gr\u00fcnden und zu etablieren.\n<br ><br >\nDie Gr\u00fcndung war auch politisch motiviert und durch den Verein sollte queeres Leben in Gie\u00dfen sichtbarer werden.<\/p><\/div> <\/div> <div  class=\"row spaced-cols\" data-type=\"row\">    <div  class=\"col-xs-6\" data-type=\"column\"> <\/div> <\/div><\/div> <div  class=\"col-sm-5 bg-image shadow-large-black revert-classes-holder\" data-bg=\"image\" style=\"background-image: url(&quot;https:\/\/www.svregenbogen.de\/wp-content\/uploads\/2019\/10\/cropped-cropped-action-active-activity.jpg&quot;);\"><\/div><\/div> <\/div><\/div><div  data-label=\"Content\" data-id=\"content--1\" data-export-id=\"content-2\" data-category=\"content\" class=\"content-2 content-section content-section-spacing\" id=\"content-1\" style=\"background-color: rgb(245, 250, 253);\"><div > <div  class=\"row middle-xs\"><div  class=\"col-sm-5 bg-image shadow-large-black\" data-bg=\"image\" style=\"background-image: url(&quot;https:\/\/www.svregenbogen.de\/wp-content\/uploads\/2025\/01\/cropped-cropped-Logo_SVR_2000x2000.png&quot;);\"><\/div> <div  class=\"col-sm-7 full-col-left-padding full-col-right-padding\"> <div  class=\"row\"> <div  data-type=\"column\" class=\"space-bottom-small content-title-col\"> <h5  class=\"\">Daf\u00fcr stehen wir<\/h5> <h2  class=\"\">Unser Verein heute<\/h2> <p  class=\"\">Unser besonderes Vereinsziel ist es, einen diskriminierungsfreien Raum zu schaffen, in dem Sport in all seinen Facetten ausge\u00fcbt werden kann. Wir m\u00f6chten einen Ort bieten, an dem sich Menschen unabh\u00e4ngig von ihrer Herkunft, Identit\u00e4t oder pers\u00f6nlichen Lebensweise akzeptiert, sicher und wohlf\u00fchlen k\u00f6nnen \u2013 ein Schutzraum, in dem sich jede*r frei entfalten kann. Neben dem Sport f\u00f6rdern wir auch das Vernetzen innerhalb der queeren Community. Deshalb findet man uns nicht nur in der Sporthalle, sondern auch auf<br > vielen anderen&nbsp;<a  href=\"https:\/\/www.svregenbogen.de?page_id=91\" target=\"_self\" data-mce-href=\"?page_id=91\" data-cp-link=\"1\">queeren Events in Gie\u00dfen.<\/a><br ><br >\nAuch aus heutiger Sicht ist ein solcher Verein f\u00fcr die queere Community wichtiger denn je. Trotz gesellschaftlicher Fortschritte und einer wachsenden Akzeptanz erleben viele queere Menschen im Alltag noch immer Diskriminierung, Ausgrenzung und Vorurteile \u2013 auch im Sport. Sei es durch offene Anfeindungen oder durch subtilere Formen von Mikroaggressionen, queere Menschen sind nach wie vor mit Herausforderungen konfrontiert, die ihre Teilhabe und ihr Wohlbefinden einschr\u00e4nken k\u00f6nnen.\n<br ><br >\nEin Verein wie unserer setzt genau hier an: \n<br >Wir schaffen nicht nur einen Schutzraum, sondern arbeiten aktiv daran, Sichtbarkeit und Akzeptanz nach au\u00dfen zu f\u00f6rdern. Dabei engagieren wir uns nicht nur auf queeren Events wie dem Christopher Street Day (CSD), sondern auch bei anderen Veranstaltungen im und rund um den Gie\u00dfener Raum, zum Beispiel beim j\u00e4hrlichen \u201eSport in der City\u201c-Event. \n<br >Au\u00dferdem zeigen wir uns sichtbar, wenn wir als Verein gemeinsame Ausfl\u00fcge unternehmen \u2013 sei es beim Bowling oder bei unserer j\u00e4hrlichen Weihnachtsfeier in einem Gie\u00dfener Lokal.\n<br ><br >\nUnser Verein steht selbstverst\u00e4ndlich allen offen. Egal, ob jung oder alt, mit Sporterfahrung oder ohne bei uns ist jeder Mensch willkommen. Wir legen besonderen Wert auf ein respektvolles Miteinander, in dem sich alle unabh\u00e4ngig von Sexualit\u00e4t, Geschlecht, Herkunft oder anderen Merkmalen gesch\u00e4tzt f\u00fchlen. Unser Ziel ist es, zusammen eine Gemeinschaft aufzubauen, die sich gegenseitig st\u00e4rkt und motiviert \u2013 in der der Spa\u00df am Sport, der gegenseitige Austausch und die gegenseitige Unterst\u00fctzung im Vordergrund stehen.<\/p><\/div> <\/div> <div  class=\"row spaced-cols \" data-type=\"row\">    <div  class=\"col-xs-6\" data-type=\"column\"> <\/div> <\/div><\/div> <\/div><\/div> <\/div><div  data-label=\"Content\" data-id=\"content--5\" data-export-id=\"content-12\" data-category=\"content\" class=\"content-12 content-section content-section-spacing\" id=\"content-5\" style=\"background-color: rgb(245, 250, 253);\"><div  class=\"gridContainer\"> <div  class=\"row text-center\"><div  class=\"section-title-col\" data-type=\"column\"> <h2  class=\"\">Unser Vorstand<\/h2> <p  class=\"lead\">Der Vorstand wird j\u00e4hrlich bei der Mitgliederversammlung f\u00fcr eine einj\u00e4hrige Amtszeit gew\u00e4hlt und besteht aus drei bis f\u00fcnf Mitgliedern. Zu den Aufgaben des Vorstandes geh\u00f6ren neben b\u00fcrokratischen Verantwortungen auch die vereinsinterne Organisation: von Beantragungen der Hallennutzung und der Mitwirkung an Veranstaltungen wie dem CSD bis hin zur Bearbeitung von Feedback der Mitglieder und der Ausrichtung von Vereinsfeiern \u2013 all das macht die Arbeit des Vorstandes zu einer vielf\u00e4ltigen und spannenden T\u00e4tigkeit.<\/p><img  decoding=\"async\" class=\"custom-image\" src=\"https:\/\/www.svregenbogen.de\/wp-content\/uploads\/2025\/01\/cropped-cropped-cropped-20240412_183546-scaled-1.jpg\" title=\"20240412_183546\" alt=\"\"><img  decoding=\"async\" class=\"custom-image\" src=\"https:\/\/www.svregenbogen.de\/wp-content\/uploads\/2025\/04\/cropped-IMG-20250404-WA0057-scaled-1.jpg\" title=\"IMG-20250404-WA0057\" alt=\"\"><\/div> <\/div> <div  class=\"row center-xs middle-xs\"> <div  class=\"col-sm-9\" data-type=\"column\"> <img  decoding=\"async\" class=\"shadow-large\" src=\"http:\/\/website.svregenbogen.de\/wp-content\/plugins\/mesmerize-companion\/theme-data\/mesmerize\/sections\/images\/apple-1838564-big.jpg\"><\/div> <\/div><\/div> <\/div><div  data-label=\"Team\" data-id=\"team--1\" data-export-id=\"team-2\" data-category=\"team\" class=\"team-2 content-section content-section-spacing\" id=\"team-1\" style=\"background-color: rgb(255, 255, 255);\"><div  class=\"gridContainer\"> <div  class=\"row text-center\"><div  class=\"section-title-col\" data-type=\"column\"> <h2  class=\"\">Der Vorstand stellt sich vor<\/h2> <p  class=\"lead\"><\/p><\/div> <\/div> <div  class=\"row spaced-cols content-center-sm\" data-type=\"row\"> <div  class=\"col-sm-6 col-md-3\"> <div  class=\"card y-move no-padding bordered\"> <img  decoding=\"async\" class=\"face\" src=\"https:\/\/www.svregenbogen.de\/wp-content\/uploads\/2025\/01\/cropped-cropped-cropped-DSC09613-scaled-1-1-1.jpg\" title=\"DSC09613\" alt=\"\"> <div  data-type=\"column\" class=\"col-padding-small col-padding-small-xs description-container\"> <h4  class=\"font-500\"><span  style=\"font-weight: 700;\">\u201cBeppo\u201c \n<br >Frank&nbsp; Bepperling<\/span>\n<br >1. Vorsitzender\n<br >[er \/ ihn]<\/h4> <p  class=\"small\" style=\"font-style: italic;\">Seit 2012 im Verein und l\u00e4ngst eine lebende Legende: \n<br >F\u00fcr Beppo ist es tats\u00e4chlich schon das 11. Jahr im Vorstand \u2013 ein echtes Vereins-Urgestein! \n<br ><br >Als \u201ePapa des Vereins\u201c hat er immer einen Rat parat und wei\u00df \u00fcber alles Bescheid.\n<br ><br >Doch Vorsicht, wenn er den Schl\u00e4ger in die Hand nimmt: Seine Schmetterb\u00e4lle sind so unhaltbar, dass selbst die schnellsten GegnerInnen nur staunend dem Einschlag zuschauen k\u00f6nnen.<\/p> <div  class=\"social-icons-group\" data-type=\"group\"> <a  href=\"#\"><i  class=\"gray fa icon fa-facebook-square small\"><\/i><\/a> <a  href=\"#\"><i  class=\"gray fa icon fa-twitter-square small\"><\/i><\/a> <a  href=\"#\"><i  class=\"gray fa icon fa-linkedin-square small\"><\/i><\/a> <a  href=\"#\"><i  class=\"gray fa icon fa-google-plus-square small\"><\/i><\/a><\/div> <\/div><\/div> <\/div> <div  class=\"col-sm-6 col-md-3\"> <div  class=\"card y-move no-padding bordered\"> <a  data-cp-link=\"1\" href=\"#\" target=\"_self\"><img  decoding=\"async\" class=\"face\" src=\"https:\/\/www.svregenbogen.de\/wp-content\/uploads\/2025\/04\/cropped-cropped-cropped-cropped-IMG-20250404-WA0104-scaled-1.jpg\"><\/a> <div  data-type=\"column\" class=\"col-padding-small col-padding-small-xs description-container\"> <h4  class=\"font-500\"><span  style=\"font-weight: 700;\">Julia Rinn<\/span>\n<br >2. Vorsitzende\n<br >[sie \/ ihr]<\/h4> <p  class=\"small\" style=\"font-style: italic;\">Julia ist seit 2022 Mitglied im Verein und seit 2024 im Vorstand dabei. \n<br ><br >Queere Sichtbarkeit ist ihr wichtig \u2013 sie tr\u00e4gt fast immer mindestens ein Regenbogen-Accessoire. Sie ist aktiv bei der Organisation rund um die Repr\u00e4sentation des Vereins, mit dem Ziel, dass Vielfalt sichtbarer wird.\n<br ><br >\nAuf dem Badmintonfeld ist sie eine echte Strategin. Mit kurzen, pr\u00e4zisen Angaben bringt sie ihre GegnerInnen regelm\u00e4\u00dfig aus dem Konzept.<\/p> <div  class=\"social-icons-group\" data-type=\"group\"> <a  href=\"#\"><i  class=\"gray fa icon fa-facebook-square small\"><\/i><\/a> <a  href=\"#\"><i  class=\"gray fa icon fa-twitter-square small\"><\/i><\/a> <a  href=\"#\"><i  class=\"gray fa icon fa-linkedin-square small\"><\/i><\/a> <a  href=\"#\"><i  class=\"gray fa icon fa-google-plus-square small\"><\/i><\/a><\/div> <\/div><\/div> <\/div> <div  class=\"col-sm-6 col-md-3\"> <div  class=\"card y-move no-padding bordered\"> <a  data-cp-link=\"1\" href=\"#\" target=\"_self\"><img  decoding=\"async\" class=\"face\" src=\"https:\/\/www.svregenbogen.de\/wp-content\/uploads\/2025\/01\/cropped-cropped-cropped-DSC09617-scaled-1.jpg\"><\/a> <div  data-type=\"column\" class=\"col-padding-small col-padding-small-xs description-container\"> <h4  class=\"font-500\"><span  style=\"font-weight: 700;\">Florian Limprecht<\/span><br >Kassierer\n<br >[er \/ ihn]<\/h4> <p  class=\"small\" style=\"font-style: italic;\">Seit 2015 dabei und bereits zum 11. Mal im Vorstand: \n<br >Flo ist unser verl\u00e4sslicher Finanzexperte! \n<br ><br >Als Kassenwart hat er den vollen \u00dcberblick \u00fcber die Vereinsfinanzen, achtet auf jedes Detail und sorgt daf\u00fcr, dass alles reibungslos l\u00e4uft \u2013 hier bleibt kein Cent unentdeckt. \n<br ><br >Auf dem Spielfeld zeigt er seine sanfte Seite: Als Fels in der Brandung strahlt er Ruhe und Gelassenheit aus \u2013 bei ihm gilt ganz klar: In der Ruhe liegt die Kraft!<\/p> <div  class=\"social-icons-group\" data-type=\"group\"> <a  href=\"#\"><i  class=\"gray fa icon fa-facebook-square small\"><\/i><\/a> <a  href=\"#\"><i  class=\"gray fa icon fa-twitter-square small\"><\/i><\/a> <a  href=\"#\"><i  class=\"gray fa icon fa-linkedin-square small\"><\/i><\/a> <a  href=\"#\"><i  class=\"gray fa icon fa-google-plus-square small\"><\/i><\/a><\/div> <\/div><\/div> <\/div> <div  class=\"col-sm-6 col-md-3\"> <div  class=\"card y-move no-padding bordered\"> <a  data-cp-link=\"1\" href=\"#\" target=\"_self\"><img  decoding=\"async\" class=\"face\" src=\"https:\/\/www.svregenbogen.de\/wp-content\/uploads\/2025\/04\/cropped-cropped-cropped-IMG-20250404-WA0127-scaled-2.jpg\"><\/a> <div  data-type=\"column\" class=\"col-padding-small col-padding-small-xs description-container\"> <h4  class=\"font-500\"><b >\u201cBenny\u201c<br >Marc Benjamin Kiewel<\/b><br >Schriftf\u00fchrer\n<br >[er \/ ihn]<\/h4> <p  class=\"small\" style=\"font-style: italic;\">Benny ist seit 2023 Mitglied im Verein und seit 2025 im Vorstand dabei. \n<br ><br >Als Physiotherapeut hat er ein ausgepr\u00e4gtes Gesp\u00fcr f\u00fcr Struktur, Genauigkeit und das richtige Timing \u2013 Eigenschaften, die ihn auch abseits der Behandlungsliege zum perfekten Schriftf\u00fchrer machen.<br ><br >\nAuf dem Spielfeld ist Benny ebenfalls voll dabei: Mit vollem K\u00f6rpereinsatz holt er jeden noch so unhaltbaren Ball \u2013 sogar die Schmetterb\u00e4lle von Beppo!<\/p> <div  class=\"social-icons-group\" data-type=\"group\"> <a  href=\"#\"><i  class=\"gray fa icon fa-facebook-square small\"><\/i><\/a> <a  href=\"#\"><i  class=\"gray fa icon fa-twitter-square small\"><\/i><\/a> <a  href=\"#\"><i  class=\"gray fa icon fa-linkedin-square small\"><\/i><\/a> <a  href=\"#\"><i  class=\"gray fa icon fa-google-plus-square small\"><\/i><\/a><\/div> <\/div><\/div> <\/div>    <\/div> <\/div><\/div><div  data-label=\"Features\" data-id=\"features--1\" data-export-id=\"features-13\" data-category=\"features\" class=\"features-13 content-section content-section-spacing\" id=\"features-1\" style=\"background-color: rgb(245, 250, 253);\"><div  class=\"gridContainer\"> <div  class=\"row text-center\"><div  class=\"section-title-col\" data-type=\"column\"> <h2  class=\"\">Chronik der Vorst\u00e4nde<\/h2> <p  class=\"lead\">Die Vorstandschronik unseres Vereins ist mehr als eine blo\u00dfe Sammlung von Namen und Jahreszahlen. Sie spiegelt die Geschichte, das Engagement und die Entwicklung wider, die unseren Verein gepr\u00e4gt haben. Jede Amtszeit erz\u00e4hlt von Verantwortung, Ideen und gemeinsamer Arbeit, die den Verein vorangebracht haben.<br >\nMit dieser \u00dcbersicht m\u00f6chten wir nicht nur die Kontinuit\u00e4t der Vorstandsarbeit dokumentieren, sondern auch die Menschen w\u00fcrdigen, die mit ihrem Einsatz und ihrer Leidenschaft das Vereinsleben gestaltet haben. Die Chronik soll zugleich Erinnerung und Inspiration sein \u2013 ein Blick zur\u00fcck, der den Wert des Ehrenamtes sichtbar macht und den Weg f\u00fcr kommende Generationen \u00f6ffnet.<\/p><\/div> <\/div> <div  class=\"row spaced-cols\" data-type=\"row\"> <div  class=\"col col-sm-6 col-md-3 space-bottom\">  <h4  class=\"\">1999 \u2013 2003<\/h4> <p  class=\"\">Christina Peter\n<br >Jessica Gro\u00dfkreutz\n<br >Susanne Blut\n<br >Oliver Moormann\n<br >Hans Martin Stanger<\/p> <\/div> <div  class=\"col col-sm-6 col-md-3 space-bottom\"> <h4  class=\"\">2003 \u2013 2005<\/h4> <p  class=\"\">Armin Plewa-Moormann<br >Andreas Jahn<br >Frauke Steinm\u00fcller<\/p> <\/div> <div  class=\"col col-sm-6 col-md-3 space-bottom\"> <h4  class=\"\">2005 \u2013 2007<\/h4> <p  class=\"\">Sonja Trommer<br >Frank Krause<br >Miroslav Kipic<br >Oliver Schl\u00f6sser<\/p> <\/div> <div  class=\"col col-sm-6 col-md-3 space-bottom\"> <h4  class=\"\">2007 \u2013 2008<\/h4> <p  class=\"\">Sonja Trommer<br >\nFrank Krause<br >\nMiroslav Kipic<br >Marco&nbsp;Weisbecker\n<\/p> <\/div> <\/div><\/div> <\/div><div  data-label=\"Features\" data-id=\"features--2\" data-export-id=\"features-13\" data-category=\"features\" class=\"features-13 content-section content-section-spacing\" id=\"features-2\" style=\"background-color: rgb(255, 255, 255);\"><div  class=\"gridContainer\"> <div  class=\"row text-center\"><div  class=\"section-title-col\" data-type=\"column\">  <\/div> <\/div> <div  class=\"row spaced-cols\" data-type=\"row\"> <div  class=\"col col-sm-6 col-md-3 space-bottom\">  <h4  class=\"\">2008 \u2013 2010<\/h4> <p  class=\"\">Sonja Trommer\n<br >Eva Mahn<br >Christoph Rummel<br >Renate Stock<\/p> <\/div> <div  class=\"col col-sm-6 col-md-3 space-bottom\"> <h4  class=\"\">2010 \u2013 2011<\/h4> <p  class=\"\">Christoph Rummel<br >\nRenate Stock<br >Christiane Fuchs\n<br >Julia M\u00fcller<br >Stefano Mattiello<\/p> <\/div> <div  class=\"col col-sm-6 col-md-3 space-bottom\"> <h4  class=\"\">2011 \u2013 2012<\/h4> <p  class=\"\">Christoph Rummel<br >\nRenate Stock<br >\nStefano Mattiello\n<br >Jennifer Ball<br >Tina Gebhardt<\/p> <\/div> <div  class=\"col col-sm-6 col-md-3 space-bottom\"> <h4  class=\"\">2012 \u2013 2016<\/h4> <p  class=\"\">Renate Stock<br >\nStefano Mattiello<br >\nJennifer Ball<br >Theofilos Fotiadis<\/p> <\/div> <\/div><\/div> <\/div><div  data-label=\"Features\" data-id=\"features--3\" data-export-id=\"features-13\" data-category=\"features\" class=\"features-13 content-section content-section-spacing\" id=\"features-3\" style=\"background-color: rgb(245, 250, 253);\"><div  class=\"gridContainer\"> <div  class=\"row text-center\"><div  class=\"section-title-col\" data-type=\"column\">  <\/div> <\/div> <div  class=\"row spaced-cols\" data-type=\"row\"> <div  class=\"col col-sm-6 col-md-3 space-bottom\">  <h4  class=\"\">2016 \u2013 2017<\/h4> <p  class=\"\">Frank Bepperling<br >Claudia Beate Stiedl&nbsp;<br >Florian Limprecht<br >\nMarcus Winter<\/p> <\/div> <div  class=\"col col-sm-6 col-md-3 space-bottom\"> <h4  class=\"\">2017 \u2013 2018<\/h4> <p  class=\"\">Frank Bepperling<br >\nClaudia Beate Stiedl<br >\nFlorian Limprecht<\/p> <\/div> <div  class=\"col col-sm-6 col-md-3 space-bottom\"> <h4  class=\"\">2018 \u2013 2019<\/h4> <p  class=\"\">Frank Bepperling<br >\nClaudia Beate Stiedl<br >\nFlorian Limprecht\n<br >Dr. Stefano Mattiello<\/p> <\/div> <div  class=\"col col-sm-6 col-md-3 space-bottom\"> <h4  class=\"\">2019 \u2013 2020<\/h4> <p  class=\"\">Frank Bepperling<br >\nClaudia Beate Stiedl<br >\nFlorian Limprecht<br >Anna Staiger<\/p> <\/div> <\/div><\/div> <\/div><div  data-label=\"Features\" data-id=\"features--4\" data-export-id=\"features-13\" data-category=\"features\" class=\"features-13 content-section content-section-spacing\" id=\"features-4\" style=\"background-color: rgb(255, 255, 255);\"><div  class=\"gridContainer\"> <div  class=\"row text-center\"><div  class=\"section-title-col\" data-type=\"column\">  <\/div> <\/div> <div  class=\"row spaced-cols\" data-type=\"row\"> <div  class=\"col col-sm-6 col-md-3 space-bottom\">  <h4  class=\"\">2020 \u2013 2022<\/h4> <p  class=\"\">Frank Bepperling<br >\nClaudia Beate Stiedl<br >\nFlorian Limprecht<br >Constanze Moldenhauer<\/p> <\/div> <div  class=\"col col-sm-6 col-md-3 space-bottom\"> <h4  class=\"\">2022 \u2013 2024<\/h4> <p  class=\"\">Frank Bepperling<br >\nFlorian Limprecht<br >\nConstanze Moldenhauer\n<br >Niklas Evens<\/p> <\/div> <div  class=\"col col-sm-6 col-md-3 space-bottom\"> <h4  class=\"\">2024 \u2013 2025<\/h4> <p  class=\"\">Frank Bepperling<br >\nFlorian Limprecht<br >Julia Rinn\n<br >Paul Seipel<\/p> <\/div> <div  class=\"col col-sm-6 col-md-3 space-bottom\"> <h4  class=\"\">2025&nbsp;\u2013 2026<\/h4> <p  class=\"\">Frank Bepperling<br >\nFlorian Limprecht<br >\nJulia Rinn<br >\nMarc Benjamin Kiewel<\/p> <\/div> <\/div><\/div> <\/div>","protected":false},"excerpt":{"rendered":"<p>So hat es angefangen Unsere Vereinsgeschichte Der SV Regenbogen ist ein queerer Sportverein in Gie\u00dfen. Unser Verein wurde am 12. April 1999 von mehreren Frauen und M\u00e4nnern aus Gie\u00dfen gegr\u00fcndet. Nachdem die Gr\u00fcndungsmitglieder vereinslos an den Gay Games 1998 in Amsterdam teilnahmen, setzten sie sich nach der Teilnahme das Ziel einen queeren Sportverein auch in&hellip; <br \/> <a class=\"read-more\" href=\"https:\/\/www.svregenbogen.de\/?page_id=749\">Read more<\/a><\/p>\n","protected":false},"author":2,"featured_media":0,"parent":0,"menu_order":0,"comment_status":"closed","ping_status":"closed","template":"pro\/page-templates\/full-width-page.php","meta":{"footnotes":""},"class_list":["post-749","page","type-page","status-publish","hentry"],"_links":{"self":[{"href":"https:\/\/www.svregenbogen.de\/index.php?rest_route=\/wp\/v2\/pages\/749","targetHints":{"allow":["GET"]}}],"collection":[{"href":"https:\/\/www.svregenbogen.de\/index.php?rest_route=\/wp\/v2\/pages"}],"about":[{"href":"https:\/\/www.svregenbogen.de\/index.php?rest_route=\/wp\/v2\/types\/page"}],"author":[{"embeddable":true,"href":"https:\/\/www.svregenbogen.de\/index.php?rest_route=\/wp\/v2\/users\/2"}],"replies":[{"embeddable":true,"href":"https:\/\/www.svregenbogen.de\/index.php?rest_route=%2Fwp%2Fv2%2Fcomments&post=749"}],"version-history":[{"count":18,"href":"https:\/\/www.svregenbogen.de\/index.php?rest_route=\/wp\/v2\/pages\/749\/revisions"}],"predecessor-version":[{"id":1242,"href":"https:\/\/www.svregenbogen.de\/index.php?rest_route=\/wp\/v2\/pages\/749\/revisions\/1242"}],"wp:attachment":[{"href":"https:\/\/www.svregenbogen.de\/index.php?rest_route=%2Fwp%2Fv2%2Fmedia&parent=749"}],"curies":[{"name":"wp","href":"https:\/\/api.w.org\/{rel}","templated":true}]}}